{"id":844,"date":"2018-05-29T10:17:42","date_gmt":"2018-05-29T08:17:42","guid":{"rendered":"https:\/\/centroprivacy.asmenet.it\/candida\/?page_id=844"},"modified":"2023-07-18T10:25:50","modified_gmt":"2023-07-18T08:25:50","slug":"privacy","status":"publish","type":"page","link":"https:\/\/centroprivacy.asmenet.it\/candida\/?page_id=844","title":{"rendered":"Privacy"},"content":{"rendered":"<div class=\"entry-content\" role=\"article\">\n<div class=\"paragraph paragraph--type--contenuto paragraph--view-mode--default\">\n<div class=\"field field--name-field-contenuto field--type-text-long field--label-hidden field__item editor-text\">\n<header class=\"entry-header clearfix\">\n<h1>INFORMATIVA per il trattamento dei dati personali ai sensi dell\u2019art 13 del Regolamento europeo n. 679\/2016<\/h1>\n<h3>1. Premessa<\/h3>\n<p>Ai sensi dell\u2019art. 13 del Regolamento europeo n. 679\/2016, il\u00a0 Comune di Candida, in qualit\u00e0 di \u201cTitolare\u201d del trattamento, \u00e8 tenuta a fornirle informazioni in merito all\u2019utilizzo dei suoi dati personali.<\/p>\n<h3>2.\u00a0\u00a0 Identit\u00e0 e i dati di contatto del titolare del trattamento<\/h3>\n<p>Il Titolare del trattamento dei dati personali di cui alla presente Informativa \u00e8 il\u00a0 Comune di Candida, con sede in via prova,15 &#8211; pec: <a href=\"mailto:protocollo.candida@asmepec.it\" style=\"word-break: break-all; display: inline-block;\">protocollo.candida@asmepec.it<\/a> . il quale in qualit\u00e0 di titolare tratter\u00e0 i dati personali conferiti con modalit\u00e0 prevalentemente informatiche e telematiche, per le finalit\u00e0 previste dal Regolamento (UE) 2016\/679 (RGPD), in particolare per l&#8217;esecuzione dei propri compiti di interesse pubblico o comunque connessi all&#8217;esercizio dei propri pubblici poteri, ivi incluse le finalit\u00e0 di archiviazione, di ricerca storica e di analisi per scopi statistici.<\/p>\n<h3>3.\u00a0\u00a0 Il Responsabile della protezione dei dati personali<\/h3>\n<p>Il\u00a0 Comune di Candida ha designato quale Responsabile della protezione dei dati la societ\u00e0 <a href=\"http:\/\/www.asmenet.it\/\">ASMENET S.C.A.R.L.<\/a> (<a href=\"mailto:supporto.asmenet@asmepec.it\">supporto.asmenet@asmepec.it<\/a>)<\/p>\n<h3>4.\u00a0\u00a0 Responsabili del trattamento<\/h3>\n<p>L\u2019Ente pu\u00f2 avvalersi di soggetti terzi per l\u2019espletamento di attivit\u00e0 e relativi trattamenti di dati personali di cui l\u2019Ente ha la titolarit\u00e0. Conformemente a quanto stabilito dalla normativa, tali soggetti assicurano livelli esperienza, capacit\u00e0 e affidabilit\u00e0 tali da garantire il rispetto delle vigenti disposizioni in materia di trattamento, ivi compreso il profilo della sicurezza dei dati.<br \/>\nVengono formalizzate da parte dell\u2019Ente istruzioni, compiti ed oneri in capo a tali soggetti terzi con la designazione degli stessi a &#8220;Responsabili del trattamento&#8221;. Vengono sottoposti tali soggetti a verifiche periodiche al fine di constatare il mantenimento dei livelli di garanzia registrati in occasione dell\u2019affidamento dell\u2019incarico iniziale.<\/p>\n<h3>5.\u00a0\u00a0 Soggetti autorizzati al trattamento<\/h3>\n<p>I Suoi dati personali sono trattati da personale interno previamente autorizzato e designato quale incaricato del trattamento, a cui sono impartite idonee istruzioni in ordine a misure, accorgimenti, modus operandi, tutti volti alla concreta tutela dei tuoi dati personali.<\/p>\n<h3>6.\u00a0\u00a0 Finalit\u00e0 e base giuridica del trattamento<\/h3>\n<p>Il trattamento dei suoi dati personali viene effettuato dal Comune di Candida per lo svolgimento di funzioni istituzionali e, pertanto, ai sensi dell\u2019art. 6 comma 1 lett. e) non necessita del suo consenso.<\/p>\n<p>I dati personali sono in relazione al procedimento ed alle attivit\u00e0 correlate.<\/p>\n<h3>7.\u00a0\u00a0 Destinatari dei dati personali<\/h3>\n<p>I suoi dati personali potranno essere comunicati ad altri Enti competenti di cui si avvale il Comune, al solo scopo di procedere all\u2019istruttoria della pratica.<\/p>\n<h3>8.\u00a0\u00a0 Trasferimento dei dati personali a Paesi extra UE<\/h3>\n<p>I suoi dati personali non sono trasferiti al di fuori dell\u2019Unione europea.<\/p>\n<h3>9.\u00a0\u00a0 Periodo di conservazione<\/h3>\n<p>I suoi dati sono conservati per un periodo non superiore a quello necessario per il perseguimento delle finalit\u00e0 sopra menzionate. A tal fine, anche mediante controlli periodici, viene verificata costantemente la stretta pertinenza, non eccedenza e indispensabilit\u00e0 dei dati rispetto al rapporto, alla prestazione o all&#8217;incarico in corso, da instaurare o cessati, anche con riferimento ai dati che Lei fornisce di propria iniziativa. I dati che, anche a seguito delle verifiche, risultano eccedenti o non pertinenti o non indispensabili non sono utilizzati, salvo che per l&#8217;eventuale conservazione, a norma di legge, dell&#8217;atto o del documento che li contiene.<\/p>\n<h3>10.\u00a0\u00a0\u00a0 I suoi diritti<\/h3>\n<p>Nella sua qualit\u00e0 di interessato,\u00a0Lei potr\u00e0, in qualsiasi momento, esercitare i\u00a0<span lang=\"zxx\" xml:lang=\"zxx\"><u><strong>diritti<\/strong><\/u><\/span>:<\/p>\n<ul>\n<li>di richiedere maggiori informazioni in relazione ai contenuti della presente informativa<\/li>\n<li>di accesso ai dati personali;<\/li>\n<li>di ottenere la rettifica o la cancellazione degli stessi o la limitazione del trattamento che lo riguardano (nei casi previsti dalla normativa);<\/li>\n<li>di opporsi al trattamento (nei casi previsti dalla normativa);<\/li>\n<li>alla portabilit\u00e0 dei dati (nei casi previsti dalla normativa);<\/li>\n<li>di revocare il consenso, ove previsto; la revoca del consenso non pregiudica la liceit\u00e0 del trattamento basata sul consenso conferito prima della revoca;<\/li>\n<li>di proporre reclamo all&#8217;autorit\u00e0 di controllo (Garante Privacy);<\/li>\n<li>di dare mandato a un organismo, un&#8217;organizzazione o un&#8217;associazione senza scopo di lucro per l&#8217;esercizio dei suoi diritti;<\/li>\n<li>di richiedere il risarcimento dei danni conseguenti alla violazione della normativa.<\/li>\n<\/ul>\n<h3>11.\u00a0\u00a0\u00a0 Conferimento dei dati<\/h3>\n<p>Il conferimento dei Suoi dati \u00e8 facoltativo, ma necessario per le finalit\u00e0 sopra indicate. Il mancato conferimento comporter\u00e0 l\u2019impossibilit\u00e0 di procedere all\u2019istruttoria da Lei richiesta.<\/p>\n<p><a href=\"https:\/\/centroprivacy.asmenet.it\/candida\/wp-content\/uploads\/sites\/148\/2023\/07\/Accesso-civico.pdf\">Accesso civico<\/a><br \/>\n<a href=\"https:\/\/centroprivacy.asmenet.it\/candida\/wp-content\/uploads\/sites\/148\/2023\/07\/Accordi-convenzioni.pdf\">Accordi convenzioni<\/a><br \/>\n<a href=\"https:\/\/centroprivacy.asmenet.it\/candida\/wp-content\/uploads\/sites\/148\/2023\/07\/Agevolazioni-tributarie.pdf\">Agevolazioni tributarie<\/a><br \/>\n<a href=\"https:\/\/centroprivacy.asmenet.it\/candida\/wp-content\/uploads\/sites\/148\/2023\/07\/Albo-pretorio.pdf\">Albo pretorio<\/a><br \/>\n<a href=\"https:\/\/centroprivacy.asmenet.it\/candida\/wp-content\/uploads\/sites\/148\/2023\/07\/Alimenti-e-bevande.pdf\">Alimenti e bevande<\/a><br \/>\n<a href=\"https:\/\/centroprivacy.asmenet.it\/candida\/wp-content\/uploads\/sites\/148\/2023\/07\/Anagrafe-canina.pdf\">Anagrafe canina<\/a><br \/>\n<a href=\"https:\/\/centroprivacy.asmenet.it\/candida\/wp-content\/uploads\/sites\/148\/2023\/07\/Anagrafe.pdf\">Anagrafe<\/a><br \/>\n<a href=\"https:\/\/centroprivacy.asmenet.it\/candida\/wp-content\/uploads\/sites\/148\/2023\/07\/Archivio-e-protocollo.pdf\">Archivio e protocollo<\/a><br \/>\n<a href=\"https:\/\/centroprivacy.asmenet.it\/candida\/wp-content\/uploads\/sites\/148\/2023\/07\/Archivio-storico.pdf\">Archivio storico<\/a><br \/>\n<a href=\"https:\/\/centroprivacy.asmenet.it\/candida\/wp-content\/uploads\/sites\/148\/2023\/07\/Asili-nido-e-scuola-dellinfanzia.pdf\">Asili nido e scuola dell&#8217;infanzia<\/a><br \/>\n<a href=\"https:\/\/centroprivacy.asmenet.it\/candida\/wp-content\/uploads\/sites\/148\/2023\/07\/Assicurazioni.pdf\">Assicurazioni<\/a><br \/>\n<a href=\"https:\/\/centroprivacy.asmenet.it\/candida\/wp-content\/uploads\/sites\/148\/2023\/07\/Assistenza-domiciliare.pdf\">Assistenza domiciliare<\/a><br \/>\n<a href=\"https:\/\/centroprivacy.asmenet.it\/candida\/wp-content\/uploads\/sites\/148\/2023\/07\/Assistenza-scolastica.pdf\">Assistenza scolastica<\/a><br \/>\n<a href=\"https:\/\/centroprivacy.asmenet.it\/candida\/wp-content\/uploads\/sites\/148\/2023\/07\/Attivita-animatoriali.pdf\">Attivit\u00e0 animatoriali<\/a><br \/>\n<a href=\"https:\/\/centroprivacy.asmenet.it\/candida\/wp-content\/uploads\/sites\/148\/2023\/07\/Attivita-per-i-minori.pdf\">Attivit\u00e0 per i minori<\/a><br \/>\n<a href=\"https:\/\/centroprivacy.asmenet.it\/candida\/wp-content\/uploads\/sites\/148\/2023\/07\/Autocertificazioni.pdf\">Autocertificazioni<\/a><br \/>\n<a href=\"https:\/\/centroprivacy.asmenet.it\/candida\/wp-content\/uploads\/sites\/148\/2023\/07\/Autorizzazioni-pubblica-sicurezza.pdf\">Autorizzazioni pubblica sicurezza<\/a><br \/>\n<a href=\"https:\/\/centroprivacy.asmenet.it\/candida\/wp-content\/uploads\/sites\/148\/2023\/07\/Autorizzazioni.pdf\">Autorizzazioni<\/a><br \/>\n<a href=\"https:\/\/centroprivacy.asmenet.it\/candida\/wp-content\/uploads\/sites\/148\/2023\/07\/Biblioteca.pdf\">Biblioteca<\/a><br \/>\n<a href=\"https:\/\/centroprivacy.asmenet.it\/candida\/wp-content\/uploads\/sites\/148\/2023\/07\/Cimiteri.pdf\">Cimiteri<\/a><br \/>\n<a href=\"https:\/\/centroprivacy.asmenet.it\/candida\/wp-content\/uploads\/sites\/148\/2023\/07\/Commercio-e-agricoltura.pdf\">Commercio e agricoltura<\/a><br \/>\n<a href=\"https:\/\/centroprivacy.asmenet.it\/candida\/wp-content\/uploads\/sites\/148\/2023\/07\/Concessioni-temporanee-spazi-pubblici.pdf\">Concessioni temporanee spazi pubblici<\/a><br \/>\n<a href=\"https:\/\/centroprivacy.asmenet.it\/candida\/wp-content\/uploads\/sites\/148\/2023\/07\/Conservazione-sostitutiva.pdf\">Conservazione sostitutiva<\/a><br \/>\n<a href=\"https:\/\/centroprivacy.asmenet.it\/candida\/wp-content\/uploads\/sites\/148\/2023\/07\/Consultazioni-elettorali.pdf\">Consultazioni elettorali<\/a><br \/>\n<a href=\"https:\/\/centroprivacy.asmenet.it\/candida\/wp-content\/uploads\/sites\/148\/2023\/07\/Contenzioso.pdf\">Contenzioso<\/a><br \/>\n<a href=\"https:\/\/centroprivacy.asmenet.it\/candida\/wp-content\/uploads\/sites\/148\/2023\/07\/Contratti.pdf\">Contratti<\/a><br \/>\n<a href=\"https:\/\/centroprivacy.asmenet.it\/candida\/wp-content\/uploads\/sites\/148\/2023\/07\/Contributi-per-eventi-eccezionali.pdf\">Contributi per eventi eccezionali<\/a><br \/>\n<a href=\"https:\/\/centroprivacy.asmenet.it\/candida\/wp-content\/uploads\/sites\/148\/2023\/07\/Controllo-accessi.pdf\">Controllo accessi<\/a><br \/>\n<a href=\"https:\/\/centroprivacy.asmenet.it\/candida\/wp-content\/uploads\/sites\/148\/2023\/07\/Democrazia-partecipativa.pdf\">Democrazia partecipativa<\/a><br \/>\n<a href=\"https:\/\/centroprivacy.asmenet.it\/candida\/wp-content\/uploads\/sites\/148\/2023\/07\/Edilizia-sociale.pdf\">Edilizia sociale<\/a><br \/>\n<a href=\"https:\/\/centroprivacy.asmenet.it\/candida\/wp-content\/uploads\/sites\/148\/2023\/07\/Elettorale.pdf\">Elettorale<\/a><br \/>\n<a href=\"https:\/\/centroprivacy.asmenet.it\/candida\/wp-content\/uploads\/sites\/148\/2023\/07\/Entrate-tributi.pdf\">Entrate tributi<\/a><br \/>\n<a href=\"https:\/\/centroprivacy.asmenet.it\/candida\/wp-content\/uploads\/sites\/148\/2023\/07\/Espropri.pdf\">Espropri<\/a><br \/>\n<a href=\"https:\/\/centroprivacy.asmenet.it\/candida\/wp-content\/uploads\/sites\/148\/2023\/07\/Esternalizzazioni.pdf\">Esternalizzazioni<\/a><br \/>\n<a href=\"https:\/\/centroprivacy.asmenet.it\/candida\/wp-content\/uploads\/sites\/148\/2023\/07\/Gare-e-appalti.pdf\">Gare e appalti<\/a><br \/>\n<a href=\"https:\/\/centroprivacy.asmenet.it\/candida\/wp-content\/uploads\/sites\/148\/2023\/07\/Gestione-economica.pdf\">Gestione economica<\/a><br \/>\n<a href=\"https:\/\/centroprivacy.asmenet.it\/candida\/wp-content\/uploads\/sites\/148\/2023\/07\/Gestione-patrimonio.pdf\">Gestione patrimonio<\/a><br \/>\n<a href=\"https:\/\/centroprivacy.asmenet.it\/candida\/wp-content\/uploads\/sites\/148\/2023\/07\/Gestione-personale.pdf\">Gestione personale<\/a><br \/>\n<a href=\"https:\/\/centroprivacy.asmenet.it\/candida\/wp-content\/uploads\/sites\/148\/2023\/07\/Giudici-popolari.pdf\">Giudici popolari<\/a><br \/>\n<a href=\"https:\/\/centroprivacy.asmenet.it\/candida\/wp-content\/uploads\/sites\/148\/2023\/07\/Igiene-urbana.pdf\">Igiene urbana<\/a><br \/>\n<a href=\"https:\/\/centroprivacy.asmenet.it\/candida\/wp-content\/uploads\/sites\/148\/2023\/07\/Lasciti-e-donazioni.pdf\">Lasciti e donazioni<\/a><br \/>\n<a href=\"https:\/\/centroprivacy.asmenet.it\/candida\/wp-content\/uploads\/sites\/148\/2023\/07\/Leva-militare.pdf\">Leva militare<\/a><br \/>\n<a href=\"https:\/\/centroprivacy.asmenet.it\/candida\/wp-content\/uploads\/sites\/148\/2023\/07\/Manifestazioni-pubbliche.pdf\">Manifestazioni pubbliche<\/a><br \/>\n<a href=\"https:\/\/centroprivacy.asmenet.it\/candida\/wp-content\/uploads\/sites\/148\/2023\/07\/Messi-e-notifiche.pdf\">Messi e notifiche<\/a><\/p>\n<p><a href=\"https:\/\/centroprivacy.asmenet.it\/candida\/wp-content\/uploads\/sites\/148\/2023\/07\/Occupazione-giovanile.pdf\">Occupazione giovanile<\/a><br \/>\n<a href=\"https:\/\/centroprivacy.asmenet.it\/candida\/wp-content\/uploads\/sites\/148\/2023\/07\/Opere-pubbliche.pdf\">Opere pubbliche<\/a><br \/>\n<a href=\"https:\/\/centroprivacy.asmenet.it\/candida\/wp-content\/uploads\/sites\/148\/2023\/07\/Ordinanze.pdf\">Ordinanze<\/a><br \/>\n<a href=\"https:\/\/centroprivacy.asmenet.it\/candida\/wp-content\/uploads\/sites\/148\/2023\/07\/Organi-istituzionali.pdf\">Organi istituzionali<\/a><br \/>\n<a href=\"https:\/\/centroprivacy.asmenet.it\/candida\/wp-content\/uploads\/sites\/148\/2023\/07\/Partecipate.pdf\">Partecipate<\/a><br \/>\n<a href=\"https:\/\/centroprivacy.asmenet.it\/candida\/wp-content\/uploads\/sites\/148\/2023\/07\/Polizia-amministrativa.pdf\">Polizia amministrativa<\/a><\/p>\n<p><a href=\"https:\/\/centroprivacy.asmenet.it\/candida\/wp-content\/uploads\/sites\/148\/2023\/07\/Polizia-municipale-illeciti-edilizi.pdf\">Polizia municipale &#8211; illeciti edilizi<\/a><br \/>\n<a href=\"https:\/\/centroprivacy.asmenet.it\/candida\/wp-content\/uploads\/sites\/148\/2023\/07\/Polizia-municipale-incidenti-stradali.pdf\">Polizia municipale &#8211; incidenti stradali<\/a><br \/>\n<a href=\"https:\/\/centroprivacy.asmenet.it\/candida\/wp-content\/uploads\/sites\/148\/2023\/07\/Polizia-municipale-notizie-di-reato.pdf\">Polizia municipale &#8211; notizie di reato<\/a><\/p>\n<p><a href=\"https:\/\/centroprivacy.asmenet.it\/candida\/wp-content\/uploads\/sites\/148\/2023\/07\/Polizia-municipale-polizia-giudiziaria.pdf\">Polizia municipale &#8211; polizia giudiziaria<\/a><br \/>\n<a href=\"https:\/\/centroprivacy.asmenet.it\/candida\/wp-content\/uploads\/sites\/148\/2023\/07\/Polizia-municipale-violazioni-e-sanzioni-amministrative-e-penali.pdf\">Polizia municipale &#8211; violazioni e sanzioni amministrative e penali<\/a><\/p>\n<p><a href=\"https:\/\/centroprivacy.asmenet.it\/candida\/wp-content\/uploads\/sites\/148\/2023\/07\/Polizia-municipale-accertamenti.pdf\">Polizia municipale -accertamenti<\/a><br \/>\n<a href=\"https:\/\/centroprivacy.asmenet.it\/candida\/wp-content\/uploads\/sites\/148\/2023\/07\/Programmazione-organizzazione-controllo.pdf\">Programmazione &#8211; organizzazione &#8211; controllo<\/a><br \/>\n<a href=\"https:\/\/centroprivacy.asmenet.it\/candida\/wp-content\/uploads\/sites\/148\/2023\/07\/Promozione-e-informazione.pdf\">Promozione e informazione<\/a><br \/>\n<a href=\"https:\/\/centroprivacy.asmenet.it\/candida\/wp-content\/uploads\/sites\/148\/2023\/07\/Protezione-civile.pdf\">Protezione civile<\/a><br \/>\n<a href=\"https:\/\/centroprivacy.asmenet.it\/candida\/wp-content\/uploads\/sites\/148\/2023\/07\/Protezione-dei-dati-personali.pdf\">Protezione dei dati personali<\/a><br \/>\n<a href=\"https:\/\/centroprivacy.asmenet.it\/candida\/wp-content\/uploads\/sites\/148\/2023\/07\/Provvedimenti-sanitari.pdf\">Provvedimenti sanitari<\/a><br \/>\n<a href=\"https:\/\/centroprivacy.asmenet.it\/candida\/wp-content\/uploads\/sites\/148\/2023\/07\/Segnalazioni.pdf\">Segnalazioni<\/a><br \/>\n<a href=\"https:\/\/centroprivacy.asmenet.it\/candida\/wp-content\/uploads\/sites\/148\/2023\/07\/Servizi-a-domanda-individuale.pdf\">Servizi a domanda individuale<\/a><br \/>\n<a href=\"https:\/\/centroprivacy.asmenet.it\/candida\/wp-content\/uploads\/sites\/148\/2023\/07\/Servizi-on-line.pdf\">Servizi on line<\/a><br \/>\n<a href=\"https:\/\/centroprivacy.asmenet.it\/candida\/wp-content\/uploads\/sites\/148\/2023\/07\/Servizi-scolastici.pdf\">Servizi scolastici<\/a><br \/>\n<a href=\"https:\/\/centroprivacy.asmenet.it\/candida\/wp-content\/uploads\/sites\/148\/2023\/07\/Servizi-sociali.pdf\">Servizi sociali<\/a><br \/>\n<a href=\"https:\/\/centroprivacy.asmenet.it\/candida\/wp-content\/uploads\/sites\/148\/2023\/07\/Sicurezza-sul-lavoro.pdf\">Sicurezza sul lavoro<\/a><br \/>\n<a href=\"https:\/\/centroprivacy.asmenet.it\/candida\/wp-content\/uploads\/sites\/148\/2023\/07\/Sistema-informatico.pdf\">Sistema informatico<\/a><br \/>\n<a href=\"https:\/\/centroprivacy.asmenet.it\/candida\/wp-content\/uploads\/sites\/148\/2023\/07\/Sociale-lavoro.pdf\">Sociale &#8211; lavoro<\/a><br \/>\n<a href=\"https:\/\/centroprivacy.asmenet.it\/candida\/wp-content\/uploads\/sites\/148\/2023\/07\/Sostegno-economico.pdf\">Sostegno economico<\/a><br \/>\n<a href=\"https:\/\/centroprivacy.asmenet.it\/candida\/wp-content\/uploads\/sites\/148\/2023\/07\/Sportello-unico-edilizia.pdf\">Sportello unico edilizia<\/a><br \/>\n<a href=\"https:\/\/centroprivacy.asmenet.it\/candida\/wp-content\/uploads\/sites\/148\/2023\/07\/Staff-di-gabinetto-del-sindaco.pdf\">Staff di gabinetto del sindaco<\/a><\/p>\n<p><a href=\"https:\/\/centroprivacy.asmenet.it\/candida\/wp-content\/uploads\/sites\/148\/2023\/07\/Statistica.pdf\">Statistica<\/a><br \/>\n<a href=\"https:\/\/centroprivacy.asmenet.it\/candida\/wp-content\/uploads\/sites\/148\/2023\/07\/Stato-civile.pdf\">Stato civile<\/a><br \/>\n<a href=\"https:\/\/centroprivacy.asmenet.it\/candida\/wp-content\/uploads\/sites\/148\/2023\/07\/Strumenti-di-promozione-del-territorio.pdf\">Strumenti di promozione del territorio<\/a><br \/>\n<a href=\"https:\/\/centroprivacy.asmenet.it\/candida\/wp-content\/uploads\/sites\/148\/2023\/07\/Suap.pdf\">Suap<\/a><br \/>\n<a href=\"https:\/\/centroprivacy.asmenet.it\/candida\/wp-content\/uploads\/sites\/148\/2023\/07\/Traffico-permessi.pdf\">Traffico &#8211; permessi<\/a><br \/>\n<a href=\"https:\/\/centroprivacy.asmenet.it\/candida\/wp-content\/uploads\/sites\/148\/2023\/07\/Trasparenza-anticorruzione.pdf\">Trasparenza anticorruzione<\/a><br \/>\n<a href=\"https:\/\/centroprivacy.asmenet.it\/candida\/wp-content\/uploads\/sites\/148\/2023\/07\/Tutela-ambientale-e-decoro-urbano.pdf\">Tutela ambientale e decoro urbano<\/a><br \/>\n<a href=\"https:\/\/centroprivacy.asmenet.it\/candida\/wp-content\/uploads\/sites\/148\/2023\/07\/Tutela-giuridica.pdf\">Tutela giuridica<\/a><br \/>\n<a href=\"https:\/\/centroprivacy.asmenet.it\/candida\/wp-content\/uploads\/sites\/148\/2023\/07\/Videosorveglianza.pdf\">Videosorveglianza<\/a><br \/>\n<a href=\"https:\/\/centroprivacy.asmenet.it\/candida\/wp-content\/uploads\/sites\/148\/2023\/07\/Whistleblowing.pdf\">Whistleblowing<\/a><\/p>\n<\/header>\n<\/div>\n<\/div>\n<div class=\"paragraph paragraph--type--contenuto paragraph--view-mode--default\">\n<div class=\"field field--name-field-contenuto field--type-text-long field--label-hidden field__item editor-text\">\n<\/div>\n<\/div>\n<\/div>\n","protected":false},"excerpt":{"rendered":"<p>INFORMATIVA per il trattamento dei dati personali ai sensi dell\u2019art 13 del Regolamento europeo n. 679\/2016 1. Premessa Ai sensi dell\u2019art. 13 del Regolamento europeo n. 679\/2016, il\u00a0 , in qualit\u00e0 di \u201cTitolare\u201d del trattamento, \u00e8 tenuta a fornirle informazioni in merito all\u2019utilizzo dei suoi dati personali. 2.\u00a0\u00a0 Identit\u00e0 e i dati di contatto del [&hellip;]<\/p>\n","protected":false},"author":1,"featured_media":0,"parent":0,"menu_order":0,"comment_status":"closed","ping_status":"closed","template":"template-fullpage-nosidebar.php","meta":[],"_links":{"self":[{"href":"https:\/\/centroprivacy.asmenet.it\/candida\/index.php?rest_route=\/wp\/v2\/pages\/844"}],"collection":[{"href":"https:\/\/centroprivacy.asmenet.it\/candida\/index.php?rest_route=\/wp\/v2\/pages"}],"about":[{"href":"https:\/\/centroprivacy.asmenet.it\/candida\/index.php?rest_route=\/wp\/v2\/types\/page"}],"author":[{"embeddable":true,"href":"https:\/\/centroprivacy.asmenet.it\/candida\/index.php?rest_route=\/wp\/v2\/users\/1"}],"replies":[{"embeddable":true,"href":"https:\/\/centroprivacy.asmenet.it\/candida\/index.php?rest_route=%2Fwp%2Fv2%2Fcomments&post=844"}],"version-history":[{"count":21,"href":"https:\/\/centroprivacy.asmenet.it\/candida\/index.php?rest_route=\/wp\/v2\/pages\/844\/revisions"}],"predecessor-version":[{"id":1259,"href":"https:\/\/centroprivacy.asmenet.it\/candida\/index.php?rest_route=\/wp\/v2\/pages\/844\/revisions\/1259"}],"wp:attachment":[{"href":"https:\/\/centroprivacy.asmenet.it\/candida\/index.php?rest_route=%2Fwp%2Fv2%2Fmedia&parent=844"}],"curies":[{"name":"wp","href":"https:\/\/api.w.org\/{rel}","templated":true}]}}